{"id":5,"date":"2015-06-08T21:32:27","date_gmt":"2015-06-08T20:32:27","guid":{"rendered":"https:\/\/d394kbsmzc.preview.infomaniak.website\/?page_id=5"},"modified":"2025-06-26T09:36:04","modified_gmt":"2025-06-26T08:36:04","slug":"accueil","status":"publish","type":"page","link":"https:\/\/memoire21.ch\/de\/","title":{"rendered":"Startseite"},"content":{"rendered":"<style>#banner {background-image: url(\"https:\/\/d394kbsmzc.preview.infomaniak.website\/wp-content\/uploads\/2015\/06\/overlay.png\"),url(\"https:\/\/d394kbsmzc.preview.infomaniak.website\/wp-content\/uploads\/2015\/06\/chemin.jpg\");}}<\/style>\n\t\t\t<section id=\"banner\"><img src=\"https:\/\/d394kbsmzc.preview.infomaniak.website\/wp-content\/uploads\/2015\/06\/Logo_memoire_21.png\"\/><br \/>\n\t\t\t<h3><b>Das arch\u00e4ologische und bauliche Erbe des Wallis f\u00f6rdern und sch\u00fctzen<br \/>\n\u2013 Aktuelle Herausforderungen und Massnahmenplan<\/b><\/h3>\n            \n<p><b>Der Bericht M\u00e9moire 21 Valais-Wallis ist lieferbar (Franz\u00f6sisch \/ Deutsch)<\/b><\/p>\n<ul class=\"actions\">\n                    \n                    <li><a href=\"https:\/\/ava-wag.ch\/de\/memoire-21\/rapport\/\" class=\"button special\" target=\"_blank\">Inhaltsverzeichnis und Bestellformular<\/a><\/li>\n\t\t\t\t\t<li><a href=\"#cta\" class=\"button\">Kontakt<\/a><\/li>\n\t\t\t<\/ul><\/section>\n<section id=\"main\" class=\"container\">\n\t\t\t<section id=\"\" class=\"box special features\">\n\t\t\t\t<header class=\"major\">\n\t\t\t\t\t<h2>Eine Bestandsaufnahme des historischen Erbes...<br \/>\n<b>Warum?<\/b><\/h2>\n\t\t\t\t<\/header>\n\t\t\t\t\n<div class=\"features-row\">\n\t\t\t\t<section>\n                    \n\t\t\t\t\t<h3>Wir alle brauchen das Kulturerbe!<\/h3>\n\t\t\t\t\t<p>\n<p class=\"legend\" style=\"text-align: center;\"><img decoding=\"async\" class=\"image fit aligncenter\" style=\"max-width: 500px; border-radius: 0px;\" src=\"https:\/\/d394kbsmzc.preview.infomaniak.website\/wp-content\/uploads\/2017\/06\/Citation_Chartier_DE.png\" alt=\"\" \/>Les aventures du c\u0153ur [1945]\n<p style=\"text-align: justify;\">Jeder von uns ist tagt\u00e4glich mit Geschichte konfrontiert und nutzt das Kulturerbe. Die Spuren der Vergangenheit pr\u00e4gen unsere Lebensorte und unsere Werte, sie sind identit\u00e4tsstiftend und bereichern die moderne Vielfalt und Kreativit\u00e4t. Sie helfen uns, die Gegenwart besser zu verstehen, um die Zukunft zu gestalten.<\/p>\n<p>\u00a0<a href=\"https:\/\/d394kbsmzc.preview.infomaniak.website\/wp-content\/uploads\/2017\/06\/Historischen_Erbes.pdf\" class=\"button small\" target=\"_blank\">Definition des historischen Erbes<\/a>\n<p class=\"legend\" style=\"text-align: center;\"><a class=\"wplightbox\" title=\"Flamur Dalloshi, \u00abValaiStar\u00bb des Monats April 2017. @Le Nouvelliste\" href=\"https:\/\/d394kbsmzc.preview.infomaniak.website\/wp-content\/uploads\/2015\/06\/Flamur_ValaisStar.jpg\"><img decoding=\"async\" class=\"image fit legend aligncenter\" style=\"max-width: 500px;\" src=\"https:\/\/d394kbsmzc.preview.infomaniak.website\/wp-content\/uploads\/2015\/06\/Flamur_ValaisStar.jpg\" alt=\"\" \/><\/a>Flamur Dalloshi, \u00abValaiStar\u00bb des Monats April 2017. @Le Nouvelliste<\/p>\n<a href=\"https:\/\/d394kbsmzc.preview.infomaniak.website\/wp-content\/uploads\/2015\/06\/Flamur-Dalloshi.pdf\" class=\"button small icon fa-file-pdf-o\" target=\"_blank\">Ein Arch\u00e4ologe \u00abValaiStar\u00bb des Monats (FR)<\/a>\n<\/p>\n\t\t\t\t<\/section>\t<section>\n                    \n\t\t\t\t\t<h3>St\u00fcck um St\u00fcck wird dieses Erbe zerst\u00f6rt!<\/h3>\n\t\t\t\t\t<p>\n<p class=\"legend\" style=\"text-align: center;\"><a class=\"wplightbox\" title=\"Zunahme der Siedlungs- und Infrastrukturfl\u00e4chen in der Schweiz zwischen 1985 und 2009. @Bundesamt f\u00fcr Statistik BFS\" href=\"https:\/\/d394kbsmzc.preview.infomaniak.website\/wp-content\/uploads\/2015\/06\/Fig_1_OFS.jpg\"><img decoding=\"async\" class=\"image fit legend aligncenter\" src=\"https:\/\/d394kbsmzc.preview.infomaniak.website\/wp-content\/uploads\/2015\/06\/Fig_1_OFS.jpg\" alt=\"\" \/><\/a>Zunahme der Siedlungs- und Infrastrukturfl\u00e4chen in der Schweiz zwischen 1985 und 2009. @Bundesamt f\u00fcr Statistik BFS<\/p>\n<p style=\"text-align: justify;\">Im Wallis ebenso wie in der restlichen Schweiz hat die Zunahme der Siedlungs- und Infrastrukturfl\u00e4chen trotz bestehender Gesetze und Massnahmen die Zerst\u00f6rung eines grossen Teils unseres arch\u00e4ologischen und baulichen Erbes nach sich gezogen.<\/p>\n<p style=\"text-align: justify;\">Der Ausbau der Siedlungs- und Infrastrukturfl\u00e4chen in der Schweiz hat ab der Nachkriegszeit rasant zugenommen. Der Umfang dieser Entwicklung wird f\u00fcr die Zeit von 1985-2009 mit 584 km<sup>2<\/sup> angegeben, d.h. eine Steigerung von 23,4% in 24 Jahren (BFS 2015).<\/p>\n<p style=\"text-align: justify;\">W\u00e4hrend dieser Zeitspanne wurde mehr als ein Quadratmeter landwirtschaftlich genutzte, \u00fcber Generationen hinweg intakt gebliebene Fl\u00e4che pro Sekunde zerst\u00f6rt. Im l\u00e4ndlichen Gebiet wie im Stadtbereich waren die Missachtungen des historischen Erbes so stark, dass die Zahl der F\u00e4lle die Schutz- und Eingriffskapazit\u00e4ten der Kantone \u00fcberschritt.<\/p>\n<a href=\"https:\/\/d394kbsmzc.preview.infomaniak.website\/wp-content\/uploads\/2017\/06\/Verstadterung_Wallis.pdf\" class=\"button small\" target=\"_blank\">Verst\u00e4dterung im Wallis<\/a>\n<\/p>\n\t\t\t\t<\/section>\n\t\t\t<\/div>\n\t\t\t<\/section><section id=\"\" class=\"box special features\">\n\t\t\t\t<header class=\"major\">\n\t\t\t\t\t<h2><\/h2>\n\t\t\t\t<\/header>\n\t\t\t\t<span class=\"icon major fa-lightbulb-o\" style=\"background:#d4001a\"><p><\/p><\/span>\n<h2>Ein Projekt<\/h2>\n<p><em>M\u00e9moire 21 Valais-Wallis<\/em> ist eine Initiative der Zivilgesellschaft und des Kantons Wallis. Das Projekt wurde 2014 entwickelt, um die \u00d6ffentlichkeit \u00fcber den Verlust ihres Kulturerbes zu alarmieren und L\u00f6sungsvorschl\u00e4ge zu entwickeln.<\/p>\n<div class=\"features-row\">\n\t\t\t\t<section>\n                    \n\t\t\t\t\t<h3>Ziele<\/h3>\n\t\t\t\t\t<p>\n<ul>\n<li style=\"text-align: justify;\"><strong>Eine Expertise<\/strong>des derzeitigen Schutz- und Inwertsetzungssystems des arch\u00e4ologischen und baulichen Erbes im Wallis <strong>erstellen<\/strong>.<\/li>\n<li style=\"text-align: justify;\">Die zahlreichen Akteure <strong>informieren und zusammenbringen<\/strong>, indem Austausch und L\u00f6sungsfindung gef\u00f6rdert werden.<\/li>\n<li style=\"text-align: justify;\">Den Walliser Beh\u00f6rden und der Bev\u00f6lkerung <strong>einen kantonalen Massnahmenplan unterbreiten<\/strong>.<\/li>\n<li style=\"text-align: justify;\"><strong>Zur Entwicklung<\/strong> im Bereich des Schutzes und der Inwertsetzung des historischen Erbes in der Schweiz <strong>beitragen<\/strong><\/li>\n<\/ul>\n<p class=\"legend\" style=\"text-align: center;\"><a class=\"wplightbox\" title=\"F\u00fcnf Arbeitsgruppen haben im Kollektiv die Analyse des derzeitigen Kulturerbe-Systems durchgef\u00fchrt. @M\u00e9moire 21 Valais-Wallis\" href=\"https:\/\/d394kbsmzc.preview.infomaniak.website\/wp-content\/uploads\/2017\/06\/Schema_Analyse_DE.jpg\"><img decoding=\"async\" class=\"image fit legend aligncenter\" src=\"https:\/\/d394kbsmzc.preview.infomaniak.website\/wp-content\/uploads\/2017\/06\/Schema_Analyse_DE.jpg\" alt=\"\" \/><\/a>F\u00fcnf Arbeitsgruppen haben im Kollektiv die Analyse des derzeitigen Kulturerbe-Systems durchgef\u00fchrt. @M\u00e9moire 21 Valais-Wallis<\/p>\n<a href=\"#partenaires\" class=\"button small\">Partner und Sponsoren<\/a><\/p>\n\t\t\t\t<\/section>\n\t<section>\n                    \n\t\t\t\t\t<h3>Principes<\/h3>\n\t\t\t\t\t<p>\n<ul>\n<li style=\"text-align: justify;\"><strong>Eine breite Konzertierung wurde organisiert.<\/strong> Vertreter aller Berufsbereiche wurden eingeladen, um an den Arbeitsgruppen teilzunehmen, die damit beauftragt waren, eine Bestandsaufnahme zu erstellen und Vorschl\u00e4ge zu formulieren\u00a0: Vertreter der Kultur, der Denkmalpflege, Arch\u00e4ologie und Geschichte, aber auch des Naturschutzes, der Raumentwicklung, der St\u00e4dteplanung, des Hochbaus, der Schul- und Berufsbildung, der Wirtschaft und des Tourismus.<\/li>\n<li style=\"text-align: justify;\"><strong>Bestandsaufnahme-Sitzungen wurden abgehalten<\/strong> mit dem Ziel, den Kreis der informierten und konsultierten Personen zus\u00e4tzlich zu erweitern.<\/li>\n<li style=\"text-align: justify;\"><strong>Die Ergebnisse der Strategieanalyse wurden<\/strong> in einem Bericht <strong>zusammengefasst<\/strong>, der in den beiden Amtssprachen des Kantons ver\u00f6ffentlicht wurde. Dies bleibt die einzige umfassende Untersuchung zu dieser Fragestellung, die bislang in der Schweiz durchgef\u00fchrt wurde.<\/li>\n<li style=\"text-align: justify;\"><strong>Das Dokument m\u00f6chte die Beh\u00f6rden und die Walliser Bev\u00f6lkerung informieren und mobilisieren<\/strong>; es werden die Herausforderungen pr\u00e4sentiert, die sich heute f\u00fcr die Erhaltung und Inwertsetzung des Denkmalerbes stellen, und eine auf zehn Jahre angelegte kantonale Strategie vorgeschlagen.<\/li>\n<\/ul>\n<a href=\"#5-etapes\" class=\"button small\">Eine Vorgehensweise in 5 Etappen<\/a><\/p>\n\t\t\t\t<\/section>\n\t\t\t<\/div>\n\n\t\t\t<\/section>\n<section id=\"\" class=\"box special features\">\n\t\t\t\t<header class=\"major\">\n\t\t\t\t\t<h2>Zu welchen innovativen Ans\u00e4tzen kommt der Bericht?<\/h2>\n\t\t\t\t<\/header>\n\t\t\t\t\n<h3><strong>Eine klarere Definition des historischen Erbes, eine Mahnung an seinen Wert<\/strong><\/h3>\n<a href=\"https:\/\/d394kbsmzc.preview.infomaniak.website\/wp-content\/uploads\/2017\/06\/Historischen_Erbes.pdf\" class=\"button small\" target=\"_blank\">Definition des historischen Erbes<\/a>\n<p style=\"text-align: justify;\">Das historische Erbe bereichert die kulturelle und biologische Vielfalt auf der Erde, es ist ein \u00ab\u00a0Mittel zur F\u00f6rderung von Ann\u00e4herung, Austausch und Verst\u00e4ndnis zwischen den Menschen\u00a0\u00bb (\u00dcbereinkommen der UNESCO 2003 zur Erhaltung des immateriellen Kulturerbes).<\/p>\n<p class=\"legend\" style=\"text-align: center;\"><a class=\"wplightbox\" href=\"https:\/\/d394kbsmzc.preview.infomaniak.website\/wp-content\/uploads\/2017\/06\/Citation_Einstein_DE.jpg\"><img decoding=\"async\" class=\"image fit legend aligncenter\" style=\"max-width: 650px; border-radius: 0px;\" src=\"https:\/\/d394kbsmzc.preview.infomaniak.website\/wp-content\/uploads\/2017\/06\/Citation_Einstein_DE.jpg\" alt=\"\" \/><\/a>Mein Weltbild [1934]\n<hr \/>\n<h3><strong>Neue Mittel f\u00fcr die Kommunikation, Planung und Durchf\u00fchrung<\/strong><\/h3>\n<p style=\"text-align: justify;\"><span class=\"legend image right\">\n\t\t\t\t<a class=\"wplightbox\" title=\"\" href=\"https:\/\/d394kbsmzc.preview.infomaniak.website\/wp-content\/uploads\/2017\/06\/Fig_19a_DE.jpg\"><img style=\"width:25em;max-width:100%;height:auto;\" src=\"https:\/\/d394kbsmzc.preview.infomaniak.website\/wp-content\/uploads\/2017\/06\/Fig_19a_DE.jpg\"><\/a>\n\t\t\t\t\n\t\t\t<\/span><strong>Das Konzept der Arch\u00e4odiversit\u00e4t wird eingef\u00fchrt<\/strong>, um die Vielfalt der vom Menschen geschaffenen historischen Elemente und ihre Organisation in Systemen zu beschreiben; es erg\u00e4nzt das Konzept der <strong>Geodiversit\u00e4t<\/strong>, das sich auf nat\u00fcrliche Elemente bezieht. Die Gesamtheit dieses materiellen und immateriellen Kulturerbes bildet das sogenannte \u00ab\u00a0Ged\u00e4chtnis der Menschheit\u00a0\u00bb.<\/p>\n<p style=\"text-align: justify;\"><strong>Der Begriff der historischen Netzwerke wird vorgeschlagen<\/strong>, um die \u00f6ffentlichen, auf Inventaren (BLN, ISOS, IVS, KGS, etc.)\u00a0 basierenden Handlungsinstrumente zu erg\u00e4nzen. Der Begriff orientiert sich an Konzepten, die f\u00fcr \u00f6kologische Netzwerke im Bereich der \u00d6kologie, sowie des Natur- und Landschaftsschutzes entwickelt wurden.<\/p>\n<p style=\"text-align: justify;\"><span class=\"legend image right\">\n\t\t\t\t<a class=\"wplightbox\" title=\"Beispiel f\u00fcr ein historisches Netz mit dem Ziel, die in den abschmelzenden Gletscherzonen befindlichen arch\u00e4ologischen Hinterlassenschaften zu retten. @Rogers et al. 2014\" href=\"https:\/\/d394kbsmzc.preview.infomaniak.website\/wp-content\/uploads\/2015\/06\/Fig_19b.jpg\"><img style=\"width:10em;max-width:100%;height:auto;\" src=\"https:\/\/d394kbsmzc.preview.infomaniak.website\/wp-content\/uploads\/2015\/06\/Fig_19b.jpg\"><\/a>\n\t\t\t\t\n\t\t\t<\/span><strong>Die Anerkennung des historischen Erbes als nicht erneuerbare Ressource wird gefordert<\/strong>. Ein Baudenkmal oder eine arch\u00e4ologische Fundstelle sind nicht beliebig miteinander austauschbar; jedes Element birgt ein anderes St\u00fcck Geschichte abh\u00e4ngig von seinen individuellen Eigenschaften und seinen Bez\u00fcgen zum Ganzen. Verst\u00e4rkte Schutzmassnahmen sind notwendig, um die Substanz eines Erbes zu erhalten, das nicht unersch\u00f6pflich ist.<\/p>\n<p style=\"text-align: justify;\"><strong>Die Bedeutung des gew\u00f6hnlichen oder noch unentdeckten Erbes wird hervorgehoben<\/strong>. Der Schutz dieses bedrohten Erbes ist eine entscheidende Herausforderung f\u00fcr die kommenden Jahre. Es spielt eine wichtige Rolle im Alltagsleben und in der Verwurzelung der lokalen Gemeinschaften; sein wissenschaftlicher Wert f\u00fcr die Kenntnis der Geschichte des Wallis und der Schweiz ist unsch\u00e4tzbar.<\/p>\n<hr \/>\n<h3><strong>Zum ersten Mal werden in der Schweiz eine umfassende \u00dcberlegung und eine kantonale Bestandsaufnahme vorgelegt<\/strong><\/h3>\n<p>Auf internationaler Ebene ist anerkannt, dass jede Person bzw. jede Gemeinschaft das Recht besitzt, von seinem\/ihrem Kulturerbe zu profitieren und zu dessen Bereicherung beizutragen.<\/p>\n<p>Der Bericht <em>M\u00e9moire 21 Valais-Wallis<\/em> m\u00f6chte die Aus\u00fcbung dieses Rechts wahrnehmen, indem die Beh\u00f6rden und die Bev\u00f6lkerung informiert werden.<\/p>\n<h4><b>Sieben Herausforderungen wurden identifiziert<\/b><\/h4>\n<p class=\"legend\" style=\"text-align: center;\"><a class=\"wplightbox\" title=\"Die sieben Bereiche der Verwaltung des historischen Erbes und die damit verbundenen Herausforderungen @M\u00e9moire 21 Valais-Wallis\" href=\"https:\/\/d394kbsmzc.preview.infomaniak.website\/wp-content\/uploads\/2017\/06\/Fig_5_DE.jpg\"><img decoding=\"async\" class=\"image fit legend aligncenter\" style=\"max-width: 600px;\" src=\"https:\/\/d394kbsmzc.preview.infomaniak.website\/wp-content\/uploads\/2017\/06\/Fig_5_DE.jpg\" alt=\"\" \/><\/a>Die sieben Bereiche der Verwaltung des historischen Erbes und die damit verbundenen Herausforderungen @M\u00e9moire 21 Valais-Wallis<\/p>\n<p>Eine Reihe von Erkenntnissen k\u00f6nnen aus den St\u00e4rken, Schw\u00e4chen, Chancen und Bedrohungen, die in f\u00fcr jeden Bereich identifiziert wurden (SWOT-Analysen), gewonnen werden. Die Bilanz zeigt die Schw\u00e4chen des Systems sowie die kettenreaktionsartigen Verbindungen auf. Das Potential des Walliser Kulturerbes in Bezug auf Umweltaspekte, sowie soziokulturelle, wissenschaftliche und wirtschaftliche Aspekte ist offenbar nur unzureichend genutzt.<\/p>\n<hr \/>\n<h3><strong>Ein kantonaler Handlungsplan mit 10 Leitlinien und 32 Massnahmen<\/strong><\/h3>\n<p class=\"legend\" style=\"text-align: center;\"><a class=\"wplightbox\" title=\"Ein kantonaler Handlungsplan mit 10 Leitlinien und 32 Massnahmen @M\u00e9moire 21 Valais-Wallis\" href=\"https:\/\/d394kbsmzc.preview.infomaniak.website\/wp-content\/uploads\/2017\/06\/Fig_46_DE.jpg\"><img decoding=\"async\" class=\"image fit legend aligncenter\" style=\"max-width: 600px;\" src=\"https:\/\/d394kbsmzc.preview.infomaniak.website\/wp-content\/uploads\/2017\/06\/Fig_46_DE.jpg\" alt=\"\" \/><\/a>@M\u00e9moire 21 Valais-Wallis<\/p>\n<p style=\"text-align: justify;\">Die vorgeschlagene Strategie ist auf zehn Jahre angelegt (2017-2026) und umfasst drei Hauptpriorit\u00e4ten:<\/p>\n<ul>\n<li style=\"text-align: justify;\"><strong>Priorit\u00e4t 1 (2017-2020)<\/strong> verfolgt das Ziel, die Grundlagen f\u00fcr eine neue Konzeption des historischen Erbes, eine Mobilisierung der Beh\u00f6rden und der Bev\u00f6lkerung, sowie eine gerechtere Verteilung der Verantwortlichkeiten, Kosten und Ertr\u00e4ge des Kulturerbe-Managements zu schaffen.<\/li>\n<li style=\"text-align: justify;\"><strong>Priorit\u00e4t 2 (2017-2020)<\/strong> umfasst die Umsetzung der Massnahmen, um unverz\u00fcglich den Schutz und die Inwertsetzung des historischen Erbes zu verbessern.<\/li>\n<li style=\"text-align: justify;\"><strong>Priorit\u00e4t 3 (2021-2026)<\/strong> wird sich auf die geschaffene Dynamik st\u00fctzen k\u00f6nnen, um langfristige Reformen zu entwickeln.<\/li>\n<\/ul>\n<p style=\"text-align: center;\">    <div id=\"69f40d7222daf\" rel=\"497\" data-gg-autoplay=\"1\" class=\"gg_galleria_slider_wrap gg_galleria_slider_dark  gg_slider_no_borders gg_galleria_responsive ggs_497\" style=\"width: 100%; \" data-asp-ratio=\"0.55\"><a href=\"https:\/\/memoire21.ch\/wp-content\/uploads\/2017\/06\/Schema_A_DE.jpg\"><img src=\"\/\/memoire21.ch\/wp-content\/uploads\/ewpt_cache\/150x100_100_1_c_FFFFFF_50927d68166361efa42af729533b85e5.jpg\" data-big=\"https:\/\/memoire21.ch\/wp-content\/uploads\/2017\/06\/Schema_A_DE.jpg\" data-description=\"\" alt=\"Kantonaler Handlungsplan\" \/><\/a><a href=\"https:\/\/memoire21.ch\/wp-content\/uploads\/2017\/06\/Schema_B_DE.jpg\"><img src=\"\/\/memoire21.ch\/wp-content\/uploads\/ewpt_cache\/150x100_100_1_c_FFFFFF_aa3f26acb50e2dabf219254490e24e92.jpg\" data-big=\"https:\/\/memoire21.ch\/wp-content\/uploads\/2017\/06\/Schema_B_DE.jpg\" data-description=\"\" alt=\"Priorit\u00e4t 1\u00a0\/ Mit dem Aufbau der vier Pfeiler der Strategie beginnen (Grundmassnahmen)\" \/><\/a><a href=\"https:\/\/memoire21.ch\/wp-content\/uploads\/2017\/06\/Schema_C_DE.jpg\"><img src=\"\/\/memoire21.ch\/wp-content\/uploads\/ewpt_cache\/150x100_100_1_c_FFFFFF_0384f87b6529526cb5449fb09abd9d82.jpg\" data-big=\"https:\/\/memoire21.ch\/wp-content\/uploads\/2017\/06\/Schema_C_DE.jpg\" data-description=\"\" alt=\"Priorit\u00e4t 2 \/ Unverz\u00fcglich den Schutz und die Inwertsetzung des historischen Erbes verbessern\" \/><\/a><a href=\"https:\/\/memoire21.ch\/wp-content\/uploads\/2017\/06\/Schema_D_DE.jpg\"><img src=\"\/\/memoire21.ch\/wp-content\/uploads\/ewpt_cache\/150x100_100_1_c_FFFFFF_266b8f83b549c75754b89aa1c94eee76.jpg\" data-big=\"https:\/\/memoire21.ch\/wp-content\/uploads\/2017\/06\/Schema_D_DE.jpg\" data-description=\"\" alt=\"Priorit\u00e4t 3 \/ Die Strategie auf der Grundlage einer Mobilisierung und verst\u00e4rkter Ressourcen ausbauen\" \/><\/a>        <div style=\"clear: both;\"><\/div><\/div>    <script type=\"text\/javascript\"> (function($) {         \"use strict\";                 $(document).ready(function($) {             if(typeof(gg_galleria_init) == \"function\") {                 gg_galleria_show(\"#69f40d7222daf\");                gg_galleria_init(\"#69f40d7222daf\");            }        });    })(jQuery);   <\/script>\n<a href=\"https:\/\/d394kbsmzc.preview.infomaniak.website\/wp-content\/uploads\/2017\/06\/p.159_160_DE.pdf\" class=\"button icon fa-file-pdf-o\" target=\"_blank\">32 Massnahmen in einem Klick<\/a>\n\n\t\t\t<\/section>\n<section id=\"5-etapes\" class=\"box special features\">\n\t\t\t\t<header class=\"major\">\n\t\t\t\t\t<h2>Eine Vorgehensweise in 5 Etappen<\/h2>\n\t\t\t\t<\/header>\n\t\t\t\t<div class=\"features-row\">\n\t\t\t\t<section>\n                    <span class=\"icon major\" style=\"background:#000000\"><p>Etappe 1<\/p><\/span>\n\t\t\t\t\t<h3>Situationsanalyse und Vorschl\u00e4ge<\/h3>\n\t\t\t\t\t<p>W\u00e4hrend einem Jahr haben sich die aus mehr als siebzig Teilnehmern gebildeten f\u00fcnf Arbeitsgruppen mit Fragen der Gesellschaft, der Governance, der Erhaltung, der Vermittlung und der F\u00f6rderung des historischen Erbes auseinandergesetzt. Diese Arbeiten zogen sich \u00fcber einen Zeitraum zwischen September 2014 und August 2015 hin. <div id=\"69f40d72262bd\" class=\"gg_gallery_wrap gg_true_gallery gg_standard_gallery gid_404 gg_primary_ol gg_ol_bottom_mode gg_main_ol_show_on_h \" data-gg_ol=\"default\"  rel=\"404\" data-nores-txt=\"No images found\">              <div class=\"gg_loader\">            <div class=\"ggl_1\"><\/div>            <div class=\"ggl_2\"><\/div>            <div class=\"ggl_3\"><\/div>            <div class=\"ggl_4\"><\/div>        <\/div>  <div class=\"gg_container\"><div class=\"gg_img \" data-gg-url=\"https:\/\/memoire21.ch\/wp-content\/uploads\/2017\/06\/Fig_4a.jpg\" data-gg-title=\"Marie-Paule Guex @M\u00e9moire 21 Valais-Wallis\" data-gg-author=\"Marie-Paule Guex\" data-gg-descr=\"\" data-gg-tags=\"\" data-img-id=\"0\" rel=\"404\">  <div class=\"gg_img_inner\"><div class=\"gg_main_img_wrap\"><img src=\"\" data-gg-lazy-src=\"\/\/memoire21.ch\/wp-content\/uploads\/ewpt_cache\/200x150_100_1_c_FFFFFF_2617258a9dbe48e632a681597ec83571.jpg\" alt=\"Marie-Paule Guex @M\u00e9moire 21 Valais-Wallis\" class=\"gg_photo gg_main_thumb\" \/><noscript><img src=\"https:\/\/memoire21.ch\/wp-content\/uploads\/2017\/06\/Fig_4a.jpg\" alt=\"Marie-Paule Guex @M\u00e9moire 21 Valais-Wallis\" \/><\/noscript><\/div><div class=\"gg_overlays\"><div class=\"gg_main_overlay\"><span class=\"gg_img_title\">Marie-Paule Guex @M\u00e9moire 21 Valais-Wallis<\/span><\/div><\/div><\/div><\/div><div class=\"gg_img \" data-gg-url=\"https:\/\/memoire21.ch\/wp-content\/uploads\/2017\/06\/Fig_4b.jpg\" data-gg-title=\"Marie-Paule Guex @M\u00e9moire 21 Valais-Wallis\" data-gg-author=\"Marie-Paule Guex\" data-gg-descr=\"\" data-gg-tags=\"\" data-img-id=\"1\" rel=\"404\">  <div class=\"gg_img_inner\"><div class=\"gg_main_img_wrap\"><img src=\"\" data-gg-lazy-src=\"\/\/memoire21.ch\/wp-content\/uploads\/ewpt_cache\/200x150_100_1_c_FFFFFF_77decf485b0cb90c89fb6ff3248e520b.jpg\" alt=\"Marie-Paule Guex @M\u00e9moire 21 Valais-Wallis\" class=\"gg_photo gg_main_thumb\" \/><noscript><img src=\"https:\/\/memoire21.ch\/wp-content\/uploads\/2017\/06\/Fig_4b.jpg\" alt=\"Marie-Paule Guex @M\u00e9moire 21 Valais-Wallis\" \/><\/noscript><\/div><div class=\"gg_overlays\"><div class=\"gg_main_overlay\"><span class=\"gg_img_title\">Marie-Paule Guex @M\u00e9moire 21 Valais-Wallis<\/span><\/div><\/div><\/div><\/div><\/div><div style=\"clear: both;\"><\/div><\/div><script type=\"text\/javascript\">     (function($) {         \"use strict\";              $(document).ready(function($) {             if(typeof(gg_galleries_init) == \"function\") {                gg_galleries_init(\"69f40d72262bd\");             }        });    })(jQuery);<\/script><\/p>\n\t\t\t\t<\/section>\t<section>\n                    <span class=\"icon major\" style=\"background:5e4c3e\"><p>Etappe 2<\/p><\/span>\n\t\t\t\t\t<h3>An Berufsbereiche gerichtete Bestandsaufnahme 2015 (01.09.2015)<\/h3>\n\t\t\t\t\t<p>Die Ergebnisse dieser Konzertierung wurden anl\u00e4sslich einer Tagessitzung in Workshops und Debatten diskutiert. Diese Sitzung richtete sich an alle Berufsbereiche: an die Vertreter der Bereiche Raumentwicklung, Ausbildung, Hochbau und Tourismus ebenso wie an die Fachleute aus den Bereichen Kultur und Denkmalpflege.<\/p>\n<div id=\"69f40d722687e\" class=\"gg_gallery_wrap gg_true_gallery gg_standard_gallery gid_414 gg_primary_ol gg_ol_bottom_mode gg_main_ol_show_on_h \" data-gg_ol=\"default\"  rel=\"414\" data-nores-txt=\"No images found\">              <div class=\"gg_loader\">            <div class=\"ggl_1\"><\/div>            <div class=\"ggl_2\"><\/div>            <div class=\"ggl_3\"><\/div>            <div class=\"ggl_4\"><\/div>        <\/div>  <div class=\"gg_container\"><div class=\"gg_img \" data-gg-url=\"https:\/\/memoire21.ch\/wp-content\/uploads\/2017\/06\/Fig_7a.jpg\" data-gg-title=\"Urs Mischler @M\u00e9moire 21 Valais-Wallis\" data-gg-author=\"Urs Mischler\" data-gg-descr=\"\" data-gg-tags=\"\" data-img-id=\"0\" rel=\"414\">  <div class=\"gg_img_inner\"><div class=\"gg_main_img_wrap\"><img src=\"\" data-gg-lazy-src=\"\/\/memoire21.ch\/wp-content\/uploads\/ewpt_cache\/200x150_100_1_c_FFFFFF_cfe66b7efc3da52d93675e6e8fa288a6.jpg\" alt=\"Urs Mischler @M\u00e9moire 21 Valais-Wallis\" class=\"gg_photo gg_main_thumb\" \/><noscript><img src=\"https:\/\/memoire21.ch\/wp-content\/uploads\/2017\/06\/Fig_7a.jpg\" alt=\"Urs Mischler @M\u00e9moire 21 Valais-Wallis\" \/><\/noscript><\/div><div class=\"gg_overlays\"><div class=\"gg_main_overlay\"><span class=\"gg_img_title\">Urs Mischler @M\u00e9moire 21 Valais-Wallis<\/span><\/div><\/div><\/div><\/div><div class=\"gg_img \" data-gg-url=\"https:\/\/memoire21.ch\/wp-content\/uploads\/2017\/06\/Fig_7b.jpg\" data-gg-title=\"Urs Mischler @M\u00e9moire 21 Valais-Wallis\" data-gg-author=\"Urs Mischler\" data-gg-descr=\"\" data-gg-tags=\"\" data-img-id=\"1\" rel=\"414\">  <div class=\"gg_img_inner\"><div class=\"gg_main_img_wrap\"><img src=\"\" data-gg-lazy-src=\"\/\/memoire21.ch\/wp-content\/uploads\/ewpt_cache\/200x150_100_1_c_FFFFFF_314ae8415ca8fbd7e6c4256615b515cc.jpg\" alt=\"Urs Mischler @M\u00e9moire 21 Valais-Wallis\" class=\"gg_photo gg_main_thumb\" \/><noscript><img src=\"https:\/\/memoire21.ch\/wp-content\/uploads\/2017\/06\/Fig_7b.jpg\" alt=\"Urs Mischler @M\u00e9moire 21 Valais-Wallis\" \/><\/noscript><\/div><div class=\"gg_overlays\"><div class=\"gg_main_overlay\"><span class=\"gg_img_title\">Urs Mischler @M\u00e9moire 21 Valais-Wallis<\/span><\/div><\/div><\/div><\/div><div class=\"gg_img \" data-gg-url=\"https:\/\/memoire21.ch\/wp-content\/uploads\/2017\/06\/Fig_7c.jpg\" data-gg-title=\"Urs Mischler @M\u00e9moire 21 Valais-Wallis\" data-gg-author=\"Urs Mischler\" data-gg-descr=\"\" data-gg-tags=\"\" data-img-id=\"2\" rel=\"414\">  <div class=\"gg_img_inner\"><div class=\"gg_main_img_wrap\"><img src=\"\" data-gg-lazy-src=\"\/\/memoire21.ch\/wp-content\/uploads\/ewpt_cache\/200x150_100_1_c_FFFFFF_c1b3b8cfa024f6d1c3eb357da1ebf1f7.jpg\" alt=\"Urs Mischler @M\u00e9moire 21 Valais-Wallis\" class=\"gg_photo gg_main_thumb\" \/><noscript><img src=\"https:\/\/memoire21.ch\/wp-content\/uploads\/2017\/06\/Fig_7c.jpg\" alt=\"Urs Mischler @M\u00e9moire 21 Valais-Wallis\" \/><\/noscript><\/div><div class=\"gg_overlays\"><div class=\"gg_main_overlay\"><span class=\"gg_img_title\">Urs Mischler @M\u00e9moire 21 Valais-Wallis<\/span><\/div><\/div><\/div><\/div><div class=\"gg_img \" data-gg-url=\"https:\/\/memoire21.ch\/wp-content\/uploads\/2017\/06\/Fig_7d.jpg\" data-gg-title=\"Urs Mischler @M\u00e9moire 21 Valais-Wallis\" data-gg-author=\"Urs Mischler\" data-gg-descr=\"\" data-gg-tags=\"\" data-img-id=\"3\" rel=\"414\">  <div class=\"gg_img_inner\"><div class=\"gg_main_img_wrap\"><img src=\"\" data-gg-lazy-src=\"\/\/memoire21.ch\/wp-content\/uploads\/ewpt_cache\/200x150_100_1_c_FFFFFF_95ec123c2e444392bd4ac45c26dd78b6.jpg\" alt=\"Urs Mischler @M\u00e9moire 21 Valais-Wallis\" class=\"gg_photo gg_main_thumb\" \/><noscript><img src=\"https:\/\/memoire21.ch\/wp-content\/uploads\/2017\/06\/Fig_7d.jpg\" alt=\"Urs Mischler @M\u00e9moire 21 Valais-Wallis\" \/><\/noscript><\/div><div class=\"gg_overlays\"><div class=\"gg_main_overlay\"><span class=\"gg_img_title\">Urs Mischler @M\u00e9moire 21 Valais-Wallis<\/span><\/div><\/div><\/div><\/div><div class=\"gg_img \" data-gg-url=\"https:\/\/memoire21.ch\/wp-content\/uploads\/2017\/06\/Fig_7e.jpg\" data-gg-title=\"Urs Mischler @M\u00e9moire 21 Valais-Wallis\" data-gg-author=\"Urs Mischler\" data-gg-descr=\"\" data-gg-tags=\"\" data-img-id=\"4\" rel=\"414\">  <div class=\"gg_img_inner\"><div class=\"gg_main_img_wrap\"><img src=\"\" data-gg-lazy-src=\"\/\/memoire21.ch\/wp-content\/uploads\/ewpt_cache\/200x150_100_1_c_FFFFFF_700a9cf4e497f588fd80551135aec0d7.jpg\" alt=\"Urs Mischler @M\u00e9moire 21 Valais-Wallis\" class=\"gg_photo gg_main_thumb\" \/><noscript><img src=\"https:\/\/memoire21.ch\/wp-content\/uploads\/2017\/06\/Fig_7e.jpg\" alt=\"Urs Mischler @M\u00e9moire 21 Valais-Wallis\" \/><\/noscript><\/div><div class=\"gg_overlays\"><div class=\"gg_main_overlay\"><span class=\"gg_img_title\">Urs Mischler @M\u00e9moire 21 Valais-Wallis<\/span><\/div><\/div><\/div><\/div><div class=\"gg_img \" data-gg-url=\"https:\/\/memoire21.ch\/wp-content\/uploads\/2017\/06\/Fig_7f.jpg\" data-gg-title=\"Urs Mischler @M\u00e9moire 21 Valais-Wallis\" data-gg-author=\"Urs Mischler\" data-gg-descr=\"\" data-gg-tags=\"\" data-img-id=\"5\" rel=\"414\">  <div class=\"gg_img_inner\"><div class=\"gg_main_img_wrap\"><img src=\"\" data-gg-lazy-src=\"\/\/memoire21.ch\/wp-content\/uploads\/ewpt_cache\/200x150_100_1_c_FFFFFF_3a82e7dc9832a64004060feca5716101.jpg\" alt=\"Urs Mischler @M\u00e9moire 21 Valais-Wallis\" class=\"gg_photo gg_main_thumb\" \/><noscript><img src=\"https:\/\/memoire21.ch\/wp-content\/uploads\/2017\/06\/Fig_7f.jpg\" alt=\"Urs Mischler @M\u00e9moire 21 Valais-Wallis\" \/><\/noscript><\/div><div class=\"gg_overlays\"><div class=\"gg_main_overlay\"><span class=\"gg_img_title\">Urs Mischler @M\u00e9moire 21 Valais-Wallis<\/span><\/div><\/div><\/div><\/div><\/div><div style=\"clear: both;\"><\/div><\/div><script type=\"text\/javascript\">     (function($) {         \"use strict\";              $(document).ready(function($) {             if(typeof(gg_galleries_init) == \"function\") {                gg_galleries_init(\"69f40d722687e\");             }        });    })(jQuery);<\/script>\n<\/p>\n\t\t\t\t<\/section>\n\t\t\t<\/div><div class=\"features-row\">\n\t\t\t\t<section>\n                    <span class=\"icon major\" style=\"background:#987658\"><p>Etappe 3<\/p><\/span>\n\t\t\t\t\t<h3>Redaktion des Schlussberichtes M\u00e9moire 21 Valais-Wallis<\/h3>\n\t\t\t\t\t<p>Das Dokument wurde von einem, etwa zwanzig Beteiligte umfassenden Kollektiv in zwei Abschnitten von jeweils 6 Monaten erarbeitet.<\/p>\n<ul>\n<li style=\"text-align: justify;\">Oktober 2015-M\u00e4rz 2016: Zusammenfassung der Ergebnisse in den jeweiligen Bereichen (Gesellschaft, Governance, integrierter Schutz, Forschung, Konservierung, Vermittlung, F\u00f6rderung) und Vorstellung eines kantonalen Handlungsplans.<\/li>\n<li style=\"text-align: justify;\">Mai 2016-Oktober 2016: Behandlung der gesetzlichen und theoretischen Aspekte, auf denen die Strategie aufbaut.<\/li>\n<\/ul>\n<p>Die auf Franz\u00f6sisch abgefasste Originalversion wurde vollst\u00e4ndig ins Deutsche \u00fcbersetzt.<\/p>\n\t\t\t\t<\/section>\t<section>\n                    <span class=\"icon major\" style=\"background:#c57a50\"><p>Etappe 4<\/p><\/span>\n\t\t\t\t\t<h3>An die Beh\u00f6rden und die \u00d6ffentlichkeit gerichtete Bestandsaufnahme 2016 (28.04.2016)<\/h3>\n\t\t\t\t\t<p>Die Ergebnisse des M\u00e9moire 21 Valais-Wallis wurden den Beh\u00f6rden des Kantons anl\u00e4sslich einer Sitzung, die im Grossratssaal in Sitten stattfand, offiziell \u00fcbermittelt.<\/p>\n<div id=\"69f40d72273a2\" class=\"gg_gallery_wrap gg_true_gallery gg_standard_gallery gid_422 gg_primary_ol gg_ol_bottom_mode gg_main_ol_show_on_h \" data-gg_ol=\"default\"  rel=\"422\" data-nores-txt=\"No images found\">              <div class=\"gg_loader\">            <div class=\"ggl_1\"><\/div>            <div class=\"ggl_2\"><\/div>            <div class=\"ggl_3\"><\/div>            <div class=\"ggl_4\"><\/div>        <\/div>  <div class=\"gg_container\"><div class=\"gg_img \" data-gg-url=\"https:\/\/memoire21.ch\/wp-content\/uploads\/2017\/06\/Fig_8a.jpg\" data-gg-title=\"Urs Mischler @M\u00e9moire 21 Valais-Wallis\" data-gg-author=\"\" data-gg-descr=\"\" data-gg-tags=\"\" data-img-id=\"0\" rel=\"422\">  <div class=\"gg_img_inner\"><div class=\"gg_main_img_wrap\"><img src=\"\" data-gg-lazy-src=\"\/\/memoire21.ch\/wp-content\/uploads\/ewpt_cache\/200x150_100_1_c_FFFFFF_44171265ec5ba245c393b76a19781361.jpg\" alt=\"Urs Mischler @M\u00e9moire 21 Valais-Wallis\" class=\"gg_photo gg_main_thumb\" \/><noscript><img src=\"https:\/\/memoire21.ch\/wp-content\/uploads\/2017\/06\/Fig_8a.jpg\" alt=\"Urs Mischler @M\u00e9moire 21 Valais-Wallis\" \/><\/noscript><\/div><div class=\"gg_overlays\"><div class=\"gg_main_overlay\"><span class=\"gg_img_title\">Urs Mischler @M\u00e9moire 21 Valais-Wallis<\/span><\/div><\/div><\/div><\/div><div class=\"gg_img \" data-gg-url=\"https:\/\/memoire21.ch\/wp-content\/uploads\/2017\/06\/Fig_8b.jpg\" data-gg-title=\"Urs Mischler @M\u00e9moire 21 Valais-Wallis\" data-gg-author=\"\" data-gg-descr=\"\" data-gg-tags=\"\" data-img-id=\"1\" rel=\"422\">  <div class=\"gg_img_inner\"><div class=\"gg_main_img_wrap\"><img src=\"\" data-gg-lazy-src=\"\/\/memoire21.ch\/wp-content\/uploads\/ewpt_cache\/200x150_100_1_c_FFFFFF_76053afae776c1f85c4be950d897a229.jpg\" alt=\"Urs Mischler @M\u00e9moire 21 Valais-Wallis\" class=\"gg_photo gg_main_thumb\" \/><noscript><img src=\"https:\/\/memoire21.ch\/wp-content\/uploads\/2017\/06\/Fig_8b.jpg\" alt=\"Urs Mischler @M\u00e9moire 21 Valais-Wallis\" \/><\/noscript><\/div><div class=\"gg_overlays\"><div class=\"gg_main_overlay\"><span class=\"gg_img_title\">Urs Mischler @M\u00e9moire 21 Valais-Wallis<\/span><\/div><\/div><\/div><\/div><div class=\"gg_img \" data-gg-url=\"https:\/\/memoire21.ch\/wp-content\/uploads\/2017\/06\/Fig_8c.jpg\" data-gg-title=\"Urs Mischler @M\u00e9moire 21 Valais-Wallis\" data-gg-author=\"\" data-gg-descr=\"\" data-gg-tags=\"\" data-img-id=\"2\" rel=\"422\">  <div class=\"gg_img_inner\"><div class=\"gg_main_img_wrap\"><img src=\"\" data-gg-lazy-src=\"\/\/memoire21.ch\/wp-content\/uploads\/ewpt_cache\/200x150_100_1_c_FFFFFF_96d7abd7807801fcc37d1ae0edf886a7.jpg\" alt=\"Urs Mischler @M\u00e9moire 21 Valais-Wallis\" class=\"gg_photo gg_main_thumb\" \/><noscript><img src=\"https:\/\/memoire21.ch\/wp-content\/uploads\/2017\/06\/Fig_8c.jpg\" alt=\"Urs Mischler @M\u00e9moire 21 Valais-Wallis\" \/><\/noscript><\/div><div class=\"gg_overlays\"><div class=\"gg_main_overlay\"><span class=\"gg_img_title\">Urs Mischler @M\u00e9moire 21 Valais-Wallis<\/span><\/div><\/div><\/div><\/div><div class=\"gg_img \" data-gg-url=\"https:\/\/memoire21.ch\/wp-content\/uploads\/2017\/06\/Fig_8d.jpg\" data-gg-title=\"Urs Mischler @M\u00e9moire 21 Valais-Wallis\" data-gg-author=\"\" data-gg-descr=\"\" data-gg-tags=\"\" data-img-id=\"3\" rel=\"422\">  <div class=\"gg_img_inner\"><div class=\"gg_main_img_wrap\"><img src=\"\" data-gg-lazy-src=\"\/\/memoire21.ch\/wp-content\/uploads\/ewpt_cache\/200x150_100_1_c_FFFFFF_97fcfd7d79424aeb6ef1ea618cf7a40b.jpg\" alt=\"Urs Mischler @M\u00e9moire 21 Valais-Wallis\" class=\"gg_photo gg_main_thumb\" \/><noscript><img src=\"https:\/\/memoire21.ch\/wp-content\/uploads\/2017\/06\/Fig_8d.jpg\" alt=\"Urs Mischler @M\u00e9moire 21 Valais-Wallis\" \/><\/noscript><\/div><div class=\"gg_overlays\"><div class=\"gg_main_overlay\"><span class=\"gg_img_title\">Urs Mischler @M\u00e9moire 21 Valais-Wallis<\/span><\/div><\/div><\/div><\/div><div class=\"gg_img \" data-gg-url=\"https:\/\/memoire21.ch\/wp-content\/uploads\/2017\/06\/Fig_8e.jpg\" data-gg-title=\"Urs Mischler @M\u00e9moire 21 Valais-Wallis\" data-gg-author=\"\" data-gg-descr=\"\" data-gg-tags=\"\" data-img-id=\"4\" rel=\"422\">  <div class=\"gg_img_inner\"><div class=\"gg_main_img_wrap\"><img src=\"\" data-gg-lazy-src=\"\/\/memoire21.ch\/wp-content\/uploads\/ewpt_cache\/200x150_100_1_c_FFFFFF_47cbf8139b9351eec39fe0c0d33817f4.jpg\" alt=\"Urs Mischler @M\u00e9moire 21 Valais-Wallis\" class=\"gg_photo gg_main_thumb\" \/><noscript><img src=\"https:\/\/memoire21.ch\/wp-content\/uploads\/2017\/06\/Fig_8e.jpg\" alt=\"Urs Mischler @M\u00e9moire 21 Valais-Wallis\" \/><\/noscript><\/div><div class=\"gg_overlays\"><div class=\"gg_main_overlay\"><span class=\"gg_img_title\">Urs Mischler @M\u00e9moire 21 Valais-Wallis<\/span><\/div><\/div><\/div><\/div><div class=\"gg_img \" data-gg-url=\"https:\/\/memoire21.ch\/wp-content\/uploads\/2017\/06\/Fig_8f.jpg\" data-gg-title=\"Urs Mischler @M\u00e9moire 21 Valais-Wallis\" data-gg-author=\"\" data-gg-descr=\"\" data-gg-tags=\"\" data-img-id=\"5\" rel=\"422\">  <div class=\"gg_img_inner\"><div class=\"gg_main_img_wrap\"><img src=\"\" data-gg-lazy-src=\"\/\/memoire21.ch\/wp-content\/uploads\/ewpt_cache\/200x150_100_1_c_FFFFFF_43df1947889dca9a57dc198c2f5590b1.jpg\" alt=\"Urs Mischler @M\u00e9moire 21 Valais-Wallis\" class=\"gg_photo gg_main_thumb\" \/><noscript><img src=\"https:\/\/memoire21.ch\/wp-content\/uploads\/2017\/06\/Fig_8f.jpg\" alt=\"Urs Mischler @M\u00e9moire 21 Valais-Wallis\" \/><\/noscript><\/div><div class=\"gg_overlays\"><div class=\"gg_main_overlay\"><span class=\"gg_img_title\">Urs Mischler @M\u00e9moire 21 Valais-Wallis<\/span><\/div><\/div><\/div><\/div><\/div><div style=\"clear: both;\"><\/div><\/div><script type=\"text\/javascript\">     (function($) {         \"use strict\";              $(document).ready(function($) {             if(typeof(gg_galleries_init) == \"function\") {                gg_galleries_init(\"69f40d72273a2\");             }        });    })(jQuery);<\/script><\/p>\n\t\t\t\t<\/section>\n\t\t\t<\/div><div class=\"features-col\">\n\t\t\t\t<section>\n\t\t\t\t\t<span class=\"icon major\" style=\"background:#d4001a\"><p>Etappe 5<\/p><\/span>\n\t\t\t\t\t<h3>Ver\u00f6ffentlichung des Berichtes und Massnahmenplan<\/h3>\n\t\t\t\t\t\n<p>Anl\u00e4sslich der Ver\u00f6ffentlichung des Berichtes wurden etwa 550 Exemplare im Wallis und in der Schweiz versandt, insbesondere an alle Walliser Gemeinden sowie an die f\u00fcr das Kulturerbe zust\u00e4ndigen Beh\u00f6rden von Bund und Kantonen.<\/p>\n<p>Das Dokument und sein Massnahmenplan bilden eine solide Basis f\u00fcr die Entscheidungen, die die Walliser Regierung zuk\u00fcnftig treffen muss. Der Wunsch von <em>M\u00e9moire 21 Valais-Wallis<\/em> w\u00e4re, dass die Kantone sich auf diese Publikation st\u00fctzen und die Ausarbeitung eines wirklichen \u00ab\u00a0Kulturerbeprojekts Schweiz\u00a0\u00bb in die Wege geleitet wird.<\/p>\n<p style=\"text-align: justify;\">\n\t\t\t\t<\/section>\n\t\t\t<\/div>\n\t\t\t<\/section>\n<section id=\"partenaires\" class=\"box\">\n\t\t\t\t<header class=\"major\">\n\t\t\t\t\t<h2>Partner<\/h2>\n        \t\t\t<p>Das Projekt M\u00e9moire 21 Valais-Wallis ist eine Zusammenarbeit der Zivilgesellschaft und des Kantons Wallis.<br \/>\nEs wird von der Walliser arch\u00e4ologischen Gesellschaft getragen (AVA-WAG).<\/p>\n\t\t\t\t<\/header>\n    \t\t\t<br \/>\n\t\t\t\n<div class=\"row\">\n<div class=\"4u 6u(mobilep)\"><a style=\"border-bottom: 0px;\" href=\"http:\/\/ava-wag.ch\" target=\"_blank\" rel=\"noopener noreferrer\"><img decoding=\"async\" style=\"max-width: 200px;\" src=\"https:\/\/d394kbsmzc.preview.infomaniak.website\/wp-content\/uploads\/2015\/06\/AVA-WAG_logo.png\" alt=\"\" width=\"100%\" \/><\/a><\/div>\n<div class=\"4u 6u(mobilep)\"><a style=\"border-bottom: 0px;\" href=\"http:\/\/www.vs.ch\/\" target=\"_blank\" rel=\"noopener noreferrer\"><img decoding=\"async\" style=\"max-width: 200px;\" src=\"https:\/\/d394kbsmzc.preview.infomaniak.website\/wp-content\/uploads\/2015\/06\/Etat_Valais.png\" alt=\"\" width=\"100%\" \/><\/a><\/div>\n<div class=\"4u 6u(mobilep)\"><a style=\"border-bottom: 0px;\" href=\"http:\/\/www.culture-suisse.admin.ch\/\" target=\"_blank\" rel=\"noopener noreferrer\"><img decoding=\"async\" style=\"max-width: 200px;\" src=\"https:\/\/d394kbsmzc.preview.infomaniak.website\/wp-content\/uploads\/2015\/06\/OFC.png\" alt=\"\" width=\"100%\" \/><\/a><\/div>\n<div class=\"4u 6u(mobilep)\"><a style=\"border-bottom: 0px;\" href=\"http:\/\/www.fddm.ch\/\" target=\"_blank\" rel=\"noopener noreferrer\"><img decoding=\"async\" style=\"max-width: 200px;\" src=\"https:\/\/d394kbsmzc.preview.infomaniak.website\/wp-content\/uploads\/2015\/06\/FDDM.png\" alt=\"\" width=\"100%\" \/><\/a><\/div>\n<div class=\"4u 6u(mobilep)\"><a style=\"border-bottom: 0px;\" href=\"http:\/\/www.culturevalais.ch\" target=\"_blank\" rel=\"noopener noreferrer\"><br \/>\n<img decoding=\"async\" style=\"max-width: 200px;\" src=\"https:\/\/d394kbsmzc.preview.infomaniak.website\/wp-content\/uploads\/2015\/06\/CVKW.jpg\" alt=\"\" width=\"100%\" \/><\/a><\/div>\n<div class=\"4u 6u(mobilep)\"><a style=\"border-bottom: 0px;\" href=\"http:\/\/www.avpsh.ch\" target=\"_blank\" rel=\"noopener noreferrer\"><br \/>\n<img decoding=\"async\" style=\"max-width: 200px;\" src=\"https:\/\/d394kbsmzc.preview.infomaniak.website\/wp-content\/uploads\/2015\/06\/AVPSH.png\" alt=\"\" width=\"100%\" \/><\/a><\/div>\n<\/div>\n<h4><b><br \/>\nKanton Wallis:<\/b><\/h4>\n<ul>\n<li>Dienststelle f\u00fcr Hochbau, Denkmalpflege und Arch\u00e4ologie (DHDA)<\/li>\n<li>Dienststelle f\u00fcr Kultur (DK)<\/li>\n<li>Dienststelle f\u00fcr Raumentwicklung (DRE)<\/li>\n<li>Dienststelle f\u00fcr Unterrichtswesen (DU)<\/li>\n<\/ul>\n\n\t\t\t<\/section>\n<section id=\"soutiens\" class=\"box special\">\n\t\t\t\t<header class=\"major\">\n\t\t\t\t\t<h2>Mit der Unterst\u00fctzung von<\/h2>\n            \t\t<hr>\n\t\t\t\t<\/header>\n\t\t\t\t\n<div class=\"row\">\n<div class=\"3u 6u(mobilep)\"><a style=\"border-bottom: 0px;\" href=\"https:\/\/www.loro.ch\/\" target=\"_blank\" rel=\"noopener noreferrer\"><img decoding=\"async\" style=\"max-width: 200px;\" src=\"https:\/\/d394kbsmzc.preview.infomaniak.website\/wp-content\/uploads\/2015\/06\/LoRo.png\" alt=\"\" width=\"100%\" \/><\/a><\/div>\n<div class=\"3u 6u(mobilep)\">\n<h3><a style=\"border-bottom: 0px;\" href=\"https:\/\/www.regionvalaisromand.ch\/entreprise\/histoire-9.html\" target=\"_blank\" rel=\"noopener noreferrer\"><b><br \/>\nRe\u0301gion Valais Central<\/b><\/a><\/h3>\n<\/div>\n<div class=\"3u 6u(mobilep)\"><a style=\"border-bottom: 0px;\" href=\"http:\/\/www.sion.ch\/\" target=\"_blank\" rel=\"noopener noreferrer\"><img decoding=\"async\" style=\"max-width: 200px;\" src=\"https:\/\/d394kbsmzc.preview.infomaniak.website\/wp-content\/uploads\/2015\/06\/ville_de_sion.png\" alt=\"\" width=\"100%\" \/><\/a><\/div>\n<div class=\"3u 6u(mobilep)$\"><a style=\"border-bottom: 0px;\" href=\"http:\/\/www.bourgeoisie-de-sion.ch\/\" target=\"_blank\" rel=\"noopener noreferrer\"><img decoding=\"async\" style=\"max-width: 200px;\" src=\"https:\/\/d394kbsmzc.preview.infomaniak.website\/wp-content\/uploads\/2015\/06\/bourgeoisie_sion.png\" alt=\"\" width=\"100%\" \/><\/a><\/div>\n<div class=\"3u 6u(mobilep)\"><a style=\"border-bottom: 0px;\" href=\"http:\/\/www.grimisuat.ch\/\" target=\"_blank\" rel=\"noopener noreferrer\"><img decoding=\"async\" style=\"max-width: 75px;\" src=\"https:\/\/d394kbsmzc.preview.infomaniak.website\/wp-content\/uploads\/2015\/06\/Logo_Grimisuat2.jpg\" alt=\"\" width=\"100%\" \/><br \/>\nCommune de Grimisuat<\/a><\/div>\n<div class=\"3u 6u(mobilep)\"><a style=\"border-bottom: 0px;\" href=\"http:\/\/www.st-maurice.ch\/\" target=\"_blank\" rel=\"noopener noreferrer\"><img decoding=\"async\" style=\"max-width: 75px;\" src=\"https:\/\/d394kbsmzc.preview.infomaniak.website\/wp-content\/uploads\/2015\/06\/commune_de_saint-maurice_picto.jpg\" alt=\"\" width=\"100%\" \/><br \/>\nCommune de Saint-Maurice<\/a><\/div>\n<div class=\"3u 6u(mobilep)\"><a style=\"border-bottom: 0px;\" href=\"http:\/\/www.bagnes.ch\/\" target=\"_blank\" rel=\"noopener noreferrer\"><br \/>\n<img decoding=\"async\" style=\"max-width: 200px;\" src=\"https:\/\/d394kbsmzc.preview.infomaniak.website\/wp-content\/uploads\/2015\/06\/BAGNES.png\" alt=\"\" width=\"100%\" \/><\/a><\/div>\n<div class=\"3u 6u(mobilep)$\"><a style=\"border-bottom: 0px;\" href=\"http:\/\/www.bourgeoisie-de-sierre.ch\/\" target=\"_blank\" rel=\"noopener noreferrer\"><img decoding=\"async\" style=\"max-width: 75px;\" src=\"https:\/\/d394kbsmzc.preview.infomaniak.website\/wp-content\/uploads\/2015\/06\/SierreBOURGEOISIE.png\" alt=\"\" width=\"100%\" \/><br \/>\nBourgeoisie de Sierre<\/a><\/div>\n<div class=\"12u$\"><\/div>\n<div class=\"4u 6u(mobilep)\"><a style=\"border-bottom: 0px;\" href=\"http:\/\/www.aria-sa.ch\/\" target=\"_blank\" rel=\"noopener noreferrer\"><img decoding=\"async\" style=\"max-width: 100px;\" src=\"https:\/\/d394kbsmzc.preview.infomaniak.website\/wp-content\/uploads\/2015\/06\/logo-aria.jpg\" alt=\"\" width=\"100%\" \/><\/a><\/div>\n<div class=\"4u 6u(mobilep)\"><a style=\"border-bottom: 0px;\" href=\"http:\/\/migros.ch\/\" target=\"_blank\" rel=\"noopener noreferrer\"><img decoding=\"async\" style=\"max-width: 200px;\" src=\"https:\/\/d394kbsmzc.preview.infomaniak.website\/wp-content\/uploads\/2015\/06\/MIGROS.gif\" alt=\"\" width=\"100%\" \/><\/a><\/div>\n<div class=\"4u 6u(mobilep)\"><a style=\"border-bottom: 0px;\" href=\"http:\/\/www.gianadda.ch\/\" target=\"_blank\" rel=\"noopener noreferrer\"><img decoding=\"async\" style=\"max-width: 200px;\" src=\"https:\/\/d394kbsmzc.preview.infomaniak.website\/wp-content\/uploads\/2015\/06\/GIANADDA.jpg\" alt=\"\" width=\"100%\" \/><\/a><\/div>\n<\/div>\n\n\t\t\t<\/section>\n\n\t\t\t<\/section>\n<section id=\"cta\">\n\t\t\t\t<h2>M\u00e9moire 21 Valais-Wallis kontaktieren<\/h2>\n\t\t\t\t<div class=\"wpforms-container cform wpforms-render-modern\" id=\"wpforms-527\"><form id=\"wpforms-form-527\" class=\"wpforms-validate wpforms-form wpforms-ajax-form\" data-formid=\"527\" method=\"post\" enctype=\"multipart\/form-data\" action=\"\/de\/wp-json\/wp\/v2\/pages\/5\" data-token=\"878cf82b7abdd06f29b3f6bc7c438f81\" data-token-time=\"1777601906\"><noscript class=\"wpforms-error-noscript\">Bitte aktiviere JavaScript in deinem Browser, um dieses Formular fertigzustellen.<\/noscript><div class=\"wpforms-hidden\" id=\"wpforms-error-noscript\">Bitte aktiviere JavaScript in deinem Browser, um dieses Formular fertigzustellen.<\/div><div class=\"wpforms-field-container\"><div id=\"wpforms-527-field_0-container\" class=\"wpforms-field wpforms-field-name\" data-field-id=\"0\"><label class=\"wpforms-field-label wpforms-label-hide\" for=\"wpforms-527-field_0\" aria-hidden=\"false\">Name <span class=\"wpforms-required-label\" aria-hidden=\"true\">*<\/span><\/label><input type=\"text\" id=\"wpforms-527-field_0\" class=\"wpforms-field-large wpforms-field-required\" name=\"wpforms[fields][0]\" placeholder=\"Name...\" aria-errormessage=\"wpforms-527-field_0-error\" required><\/div>\t\t<div id=\"wpforms-527-field_3-container\"\n\t\t\tclass=\"wpforms-field wpforms-field-text\"\n\t\t\tdata-field-type=\"text\"\n\t\t\tdata-field-id=\"3\"\n\t\t\t>\n\t\t\t<label class=\"wpforms-field-label\" for=\"wpforms-527-field_3\" >E-mail Name Nachricht<\/label>\n\t\t\t<input type=\"text\" id=\"wpforms-527-field_3\" class=\"wpforms-field-medium\" name=\"wpforms[fields][3]\" >\n\t\t<\/div>\n\t\t<div id=\"wpforms-527-field_1-container\" class=\"wpforms-field wpforms-field-email\" data-field-id=\"1\"><label class=\"wpforms-field-label wpforms-label-hide\" for=\"wpforms-527-field_1\" aria-hidden=\"false\">E-mail <span class=\"wpforms-required-label\" aria-hidden=\"true\">*<\/span><\/label><input type=\"email\" id=\"wpforms-527-field_1\" class=\"wpforms-field-large wpforms-field-required\" name=\"wpforms[fields][1]\" placeholder=\"Email...\" spellcheck=\"false\" aria-errormessage=\"wpforms-527-field_1-error\" required><script>\n\t\t\t\t( function() {\n\t\t\t\t\tconst form  = document.currentScript?.closest( '.wpforms-form' );\n\t\t\t\t\tconst field = form?.querySelector( '#' + atob( 'd3Bmb3Jtcy01MjctZmllbGRfMy1jb250YWluZXI=' ) );\n\n\t\t\t\t\tif ( ! field ) {\n\t\t\t\t\t\tdocument.currentScript.remove();\n\t\t\t\t\t\treturn;\n\t\t\t\t\t}\n\n\t\t\t\t\tfield.setAttribute( 'style', 'position: absolute !important; overflow: hidden !important; display: inline !important; height: 1px !important; width: 1px !important; z-index: -1000 !important; padding: 0 !important;' );\n\t\t\t\t\tfield.getElementsByTagName( 'label' )?.[0]?.setAttribute( 'aria-hidden', 'true' );\n\n\t\t\t\t\tconst input = field.getElementsByTagName( 'input' )?.[0];\n\n\t\t\t\t\tif ( input ) {\n\t\t\t\t\t\tinput.setAttribute( 'style', 'visibility: hidden;' );\n\t\t\t\t\t\tinput.setAttribute( 'tabindex', '-1' );\n\t\t\t\t\t\tinput.setAttribute( 'aria-hidden', 'true' );\n\t\t\t\t\t}\n\n\t\t\t\t\tdocument.currentScript?.remove();\n\t\t\t\t} )();\n\t\t\t<\/script><\/div><div id=\"wpforms-527-field_4-container\" class=\"wpforms-field wpforms-field-text\" data-field-id=\"4\"><label class=\"wpforms-field-label wpforms-label-hide\" for=\"wpforms-527-field_4\" aria-hidden=\"false\">Betreff <span class=\"wpforms-required-label\" aria-hidden=\"true\">*<\/span><\/label><input type=\"text\" id=\"wpforms-527-field_4\" class=\"wpforms-field-large wpforms-field-required\" name=\"wpforms[fields][4]\" placeholder=\"Betreff...\" aria-errormessage=\"wpforms-527-field_4-error\" required><\/div><div id=\"wpforms-527-field_2-container\" class=\"wpforms-field wpforms-field-textarea\" data-field-id=\"2\"><label class=\"wpforms-field-label wpforms-label-hide\" for=\"wpforms-527-field_2\" aria-hidden=\"false\">Nachricht <span class=\"wpforms-required-label\" aria-hidden=\"true\">*<\/span><\/label><textarea id=\"wpforms-527-field_2\" class=\"wpforms-field-medium wpforms-field-required\" name=\"wpforms[fields][2]\" placeholder=\"Nachricht...\" aria-errormessage=\"wpforms-527-field_2-error\" required><\/textarea><\/div><\/div><!-- .wpforms-field-container --><div class=\"wpforms-recaptcha-container wpforms-is-recaptcha wpforms-is-recaptcha-type-v3\" ><input type=\"hidden\" name=\"wpforms[recaptcha]\" value=\"\"><\/div><div class=\"wpforms-submit-container\" ><input type=\"hidden\" name=\"wpforms[id]\" value=\"527\"><input type=\"hidden\" name=\"page_title\" value=\"\"><input type=\"hidden\" name=\"page_url\" value=\"https:\/\/memoire21.ch\/de\/wp-json\/wp\/v2\/pages\/5\"><button type=\"submit\" name=\"wpforms[submit]\" id=\"wpforms-submit-527\" class=\"wpforms-submit\" data-alt-text=\"Ein moment...\" data-submit-text=\"Senden\" aria-live=\"assertive\" value=\"wpforms-submit\">Senden<\/button><img src=\"https:\/\/memoire21.ch\/wp-content\/plugins\/wpforms-lite\/assets\/images\/submit-spin.svg\" class=\"wpforms-submit-spinner\" style=\"display: none;\" width=\"26\" height=\"26\" alt=\"Wird geladen\"><\/div><\/form><\/div>  <!-- .wpforms-container -->\n\t\t\t<\/section>","protected":false},"excerpt":{"rendered":"","protected":false},"author":1,"featured_media":0,"parent":0,"menu_order":10,"comment_status":"open","ping_status":"open","template":"accueil.php","meta":[],"aioseo_notices":[],"_links":{"self":[{"href":"https:\/\/memoire21.ch\/de\/wp-json\/wp\/v2\/pages\/5"}],"collection":[{"href":"https:\/\/memoire21.ch\/de\/wp-json\/wp\/v2\/pages"}],"about":[{"href":"https:\/\/memoire21.ch\/de\/wp-json\/wp\/v2\/types\/page"}],"author":[{"embeddable":true,"href":"https:\/\/memoire21.ch\/de\/wp-json\/wp\/v2\/users\/1"}],"replies":[{"embeddable":true,"href":"https:\/\/memoire21.ch\/de\/wp-json\/wp\/v2\/comments?post=5"}],"version-history":[{"count":263,"href":"https:\/\/memoire21.ch\/de\/wp-json\/wp\/v2\/pages\/5\/revisions"}],"predecessor-version":[{"id":546,"href":"https:\/\/memoire21.ch\/de\/wp-json\/wp\/v2\/pages\/5\/revisions\/546"}],"wp:attachment":[{"href":"https:\/\/memoire21.ch\/de\/wp-json\/wp\/v2\/media?parent=5"}],"curies":[{"name":"wp","href":"https:\/\/api.w.org\/{rel}","templated":true}]}}